{"id":1085,"date":"2014-07-18T10:29:34","date_gmt":"2014-07-18T10:29:34","guid":{"rendered":"http:\/\/apicona-data.thememount.com\/?page_id=4"},"modified":"2023-05-19T13:20:20","modified_gmt":"2023-05-19T17:20:20","slug":"front-page","status":"publish","type":"page","link":"https:\/\/radioprimiciapelluhue.cl\/","title":{"rendered":"Inicio"},"content":{"rendered":"<p>[vc_row bgtype=\u00bbskin\u00bb css=\u00bb.vc_custom_1414998073536{margin-bottom: 0px !important;padding-top: 35px !important;padding-right: 0px !important;padding-bottom: 15px !important;padding-left: 0px !important;}\u00bb bgprecolor=\u00bbskin\u00bb][vc_column][vc_cta_button2 h2=\u00bbBIENVENIDOS A RADIO PRIMICIA DE PELLUHUE!\u00bb txt_align=\u00bbcenter\u00bb]Hola saludos desde Pelluhue Regi\u00f3n del Maule Chile CAMPO Y MAR visita nuestro face para que conozcas las maravillas de la naturaleza<br \/>\ny puedas preguntar como llegar y donde hospedarte. Te saluda Diego Clemente el GOTTOMANIA<\/p>\n<p>https:\/\/www.facebook.com\/gottomania.radioprimiciapelluhue\/[\/vc_cta_button2][vc_raw_html]JTNDaWZyYW1lJTIwd2lkdGglM0QlMjIxMDAlMjUlMjIlMjBoZWlnaHQlM0QlMjI1MDBweCUyMiUyMHNyYyUzRCUyMmh0dHBzJTNBJTJGJTJGcmFkaW9wcmltaWNpYXBlbGx1aHVlLmNsJTJGcmFkaW8lMjIlMjBzY3JvbGxpbmclM0QlMjJubyUyMiUyMGZyYW1lYm9yZGVyJTNEJTIyMCUyMiUyMHN0eWxlJTNEJTIyYm9yZGVyJTNBJTIwMHB4JTIwbm9uZSUyMHRyYW5zcGFyZW50JTNCJTIyJTNFJTNDJTJGaWZyYW1lJTNF[\/vc_raw_html][\/vc_column][\/vc_row][vc_row bgprecolor=\u00bbskin\u00bb][vc_column]<div class=\"row thememount-blog-boxes-wrapper thememount-blog-view- thememount-effect- thememount-items-col- \" id=\"thememount-blog-id-37141965\"><div class=\"thememount-blog-text col-xs-12 col-sm-12 col-md-12 col-lg-12\"><header class=\"thememount-heading-wrapper thememount-heading-wrapper-align-center\"><div class=\"thememount-heading-wrapper-inner\"><h2 class=\"thememount-heading-align-center\"><span>\u00daLTIMAS NOVEDADES<\/span><\/h2><\/div><\/header><\/div><div class=\"thememount-blog-boxes col-xs-12 col-sm-12 col-md-12 col-lg-12\"><div class=\"thememount-blog-boxes-inner row thememount-items-wrapper \">\n\t\t<article class=\"post-box col-lg-3 col-sm-6 col-md-3 col-xs-12 thememount-blogbox-format-standard \">\n\t\t\t<div class=\"post-item\">\n\t\t\t\t<div class=\"post-item-thumbnail\">\n\t\t\t\t\t<div class=\"post-item-thumbnail-inner\">\n\t\t\t\t\t\t<div class=\"thememount-postbox-small-date\"><div class=\"thememount-post-box-date-wrapper\"><div class=\"thememount-entry-date-wrapper\">\n\t\t\t\t\t\t\t\t<span class=\"thememount-entry-date\">\n\t\t\t\t\t\t\t\t\t<time class=\"entry-date\" datetime=\"2026-09-02T14:24:05-04:00\" >\n\t\t\t\t\t\t\t\t\t\t<span class=\"entry-date\">2<\/span> \n\t\t\t\t\t\t\t\t\t\t<span class=\"entry-month\">Sep<\/span> \n\t\t\t\t\t\t\t\t\t\t<span class=\"entry-year\">, 2026<\/span> \n\t\t\t\t\t\t\t\t\t<\/time>\n\t\t\t\t\t\t\t\t<\/span>\n\t\t\t\t\t\t\t<\/div><\/div><\/div>\n\t\t\t\t\t\t<img loading=\"lazy\" decoding=\"async\" width=\"838\" height=\"472\" src=\"https:\/\/radioprimiciapelluhue.cl\/wp-content\/uploads\/2026\/09\/Captura-de-pantalla-2026-09-02-141913.png\" class=\"attachment-portfolio--column size-portfolio--column wp-post-image\" alt=\"\" srcset=\"https:\/\/radioprimiciapelluhue.cl\/wp-content\/uploads\/2026\/09\/Captura-de-pantalla-2026-09-02-141913.png 838w, https:\/\/radioprimiciapelluhue.cl\/wp-content\/uploads\/2026\/09\/Captura-de-pantalla-2026-09-02-141913-300x169.png 300w, https:\/\/radioprimiciapelluhue.cl\/wp-content\/uploads\/2026\/09\/Captura-de-pantalla-2026-09-02-141913-720x406.png 720w, https:\/\/radioprimiciapelluhue.cl\/wp-content\/uploads\/2026\/09\/Captura-de-pantalla-2026-09-02-141913-727x409.png 727w, https:\/\/radioprimiciapelluhue.cl\/wp-content\/uploads\/2026\/09\/Captura-de-pantalla-2026-09-02-141913-767x432.png 767w, https:\/\/radioprimiciapelluhue.cl\/wp-content\/uploads\/2026\/09\/Captura-de-pantalla-2026-09-02-141913-750x422.png 750w\" sizes=\"auto, (max-width: 838px) 100vw, 838px\" \/>\n\t\t\t\t\t<\/div>\n\t\t\t\t\t<div class=\"overthumb\"><\/div>\n\t\t\t\t\t\n\t\t\t\t<\/div>\n\t\t\t\t<div class=\"item-content\">\n\t\t\t\t\t<h4><a href=\"https:\/\/radioprimiciapelluhue.cl\/?p=6579\">Todos invitados! Fiesta del Chancho de Curtidur\u00eda celebra 20 a\u00f1os con lo mejor de nuestras tradiciones<\/a><\/h4>\n\t\t\t\t\t<div class=\"thememount-meta-details\"><div class=\"thememount-post-user\"><span class=\"author vcard\"><i class=\"tmicon-fa-user\"><\/i> <a class=\"url fn n\" href=\"https:\/\/radioprimiciapelluhue.cl\/?author=1\" title=\"View all posts by admin\" rel=\"author\">admin<\/a><\/span><\/div><span class=\"categories-links\"><i class=\"tmicon-fa-folder-open\"><\/i> <a href=\"https:\/\/radioprimiciapelluhue.cl\/?cat=61\" rel=\"category\">INFORMATIVO<\/a><\/span><\/div>\n\t\t\t\t\t<div class=\"thememount-blogbox-desc\"><!-- wp:paragraph -->\n<p>La tradicional Fiesta del Chancho de Curtidur\u00eda prepara una nueva versi\u00f3n en Pencahue este s\u00e1bado 5 de septiembre, con gastronom\u00eda t\u00edpica, folclore, artesan\u00eda y actividades para toda la familia. El gobernador del Maule, Pedro Pablo \u00c1lvarez-Salamanca, particip\u00f3 en su lanzamiento y destac\u00f3 la importancia de seguir respaldando iniciativas que fortalecen la identidad de las comunas de la regi\u00f3n<\/p>\n<!-- \/wp:paragraph -->\n\n<!-- wp:paragraph -->\n<p>Con sabores, m\u00fasica y tradiciones que han pasado de generaci\u00f3n en generaci\u00f3n, se realiz\u00f3 el lanzamiento de una nueva versi\u00f3n de la Fiesta del Chancho de Curtidur\u00eda, celebraci\u00f3n que este a\u00f1o alcanza un hito especial: 20 a\u00f1os poniendo en valor la identidad y las costumbres de esta localidad de Pencahue.<\/p>\n<!-- \/wp:paragraph -->\n\n<!-- wp:image {\"id\":6581,\"sizeSlug\":\"full\",\"linkDestination\":\"media\"} -->\n<figure class=\"wp-block-image size-full\"><a href=\"https:\/\/radioprimiciapelluhue.cl\/wp-content\/uploads\/2026\/09\/Captura-de-pantalla-2026-09-02-141938.png\"><img loading=\"lazy\" decoding=\"async\" width=\"848\" height=\"488\" src=\"https:\/\/radioprimiciapelluhue.cl\/wp-content\/uploads\/2026\/09\/Captura-de-pantalla-2026-09-02-141938.png\" alt=\"\" class=\"wp-image-6581\" srcset=\"https:\/\/radioprimiciapelluhue.cl\/wp-content\/uploads\/2026\/09\/Captura-de-pantalla-2026-09-02-141938.png 848w, https:\/\/radioprimiciapelluhue.cl\/wp-content\/uploads\/2026\/09\/Captura-de-pantalla-2026-09-02-141938-300x173.png 300w, https:\/\/radioprimiciapelluhue.cl\/wp-content\/uploads\/2026\/09\/Captura-de-pantalla-2026-09-02-141938-766x441.png 766w\" sizes=\"auto, (max-width: 848px) 100vw, 848px\" \/><\/a><\/figure>\n<!-- \/wp:image -->\n\n<!-- wp:paragraph -->\n<p>El Gobernador del Maule, Pedro Pablo \u00c1lvarez-Salamanca, junto al alcalde de Pencahue, Jos\u00e9 Miguel Tobar y Berta Rojas, Presidenta de EVENCURT, realizaron el Lanzamiento de la fiesta que durante dos d\u00e9cadas se ha convertido en un espacio de encuentro para la comunidad y quienes llegan desde distintos puntos a disfrutar de las tradiciones del mundo rural.<\/p>\n<!-- \/wp:paragraph -->\n\n<!-- wp:paragraph -->\n<p>El Gobernador Pedro Pablo \u00c1lvarez-Salamanca, se\u00f1al\u00f3 que \u201cLa verdad es que estamos muy contentos de poder acompa\u00f1ar a la gente de Curtidur\u00eda, una localidad t\u00edpica y huasa, por donde adem\u00e1s pasa nuestro querido Ramal Talca-Constituci\u00f3n, y poder darle a\u00fan m\u00e1s valor a una celebraci\u00f3n tan importante como es la Fiesta del Chancho de Curtidur\u00eda. Como Gobierno Regional estamos felices de poder apoyar una vez m\u00e1s esta fiesta, as\u00ed como tambi\u00e9n lo hemos hecho con distintas celebraciones en las comunas del Maule, porque somos una regi\u00f3n de campo, con una fuerte identidad rural y con tradiciones que tenemos que cuidar y mantener vivas\u201d.<\/p>\n<!-- \/wp:paragraph -->\n\n<!-- wp:image {\"id\":6582,\"sizeSlug\":\"full\",\"linkDestination\":\"media\"} -->\n<figure class=\"wp-block-image size-full\"><a href=\"https:\/\/radioprimiciapelluhue.cl\/wp-content\/uploads\/2026\/09\/Captura-de-pantalla-2026-09-02-141950.png\"><img loading=\"lazy\" decoding=\"async\" width=\"843\" height=\"471\" src=\"https:\/\/radioprimiciapelluhue.cl\/wp-content\/uploads\/2026\/09\/Captura-de-pantalla-2026-09-02-141950.png\" alt=\"\" class=\"wp-image-6582\" srcset=\"https:\/\/radioprimiciapelluhue.cl\/wp-content\/uploads\/2026\/09\/Captura-de-pantalla-2026-09-02-141950.png 843w, https:\/\/radioprimiciapelluhue.cl\/wp-content\/uploads\/2026\/09\/Captura-de-pantalla-2026-09-02-141950-300x168.png 300w, https:\/\/radioprimiciapelluhue.cl\/wp-content\/uploads\/2026\/09\/Captura-de-pantalla-2026-09-02-141950-768x429.png 768w\" sizes=\"auto, (max-width: 843px) 100vw, 843px\" \/><\/a><\/figure>\n<!-- \/wp:image -->\n\n<!-- wp:paragraph -->\n<p>La celebraci\u00f3n se realizar\u00e1 en la Cancha del Club Deportivo Lautaro, en Curtidur\u00eda, con entrada liberada y una programaci\u00f3n que contempla comidas t\u00edpicas, artesan\u00eda, folclore en vivo y distintas expresiones de la cultura local.<\/p>\n<!-- \/wp:paragraph -->\n\n<!-- wp:paragraph -->\n<p>El Alcalde de Pencahue, Jos\u00e9 Miguel Tobar dijo, que \u201cestamos muy agradecidos por la asignaci\u00f3n de estos recursos por parte del Gobierno Regional, porque sin este apoyo ser\u00eda muy dif\u00edcil para la organizaci\u00f3n realizar una fiesta que ya cumple 20 a\u00f1os de historia. As\u00ed que queremos invitar a todas las familias de la Regi\u00f3n del Maule y de sectores aleda\u00f1os a que nos visiten este s\u00e1bado, que vengan a Curtidur\u00eda y disfruten junto a nosotros de esta celebraci\u00f3n que durante 20 a\u00f1os ha mantenido vivas nuestras tradiciones\u201d.<\/p>\n<!-- \/wp:paragraph -->\n\n<!-- wp:paragraph -->\n<p>Uno de los protagonistas de esta fiesta ser\u00e1 nuevamente el tradicional arrollado de huaso. Precisamente, durante el lanzamiento se realiz\u00f3 una peque\u00f1a muestra de su preparaci\u00f3n, acercando a los asistentes a uno de los sabores caracter\u00edsticos de esta celebraci\u00f3n y de la gastronom\u00eda rural maulina.<\/p>\n<!-- \/wp:paragraph -->\n\n<!-- wp:paragraph -->\n<p>Berta Rojas, presidenta de EVENCURT, a\u00f1adi\u00f3 que \u201cestamos felices de estar nuevamente iniciando nuestra Fiesta del Chancho, que este a\u00f1o cumple 20 a\u00f1os conservando nuestras tradiciones, especialmente nuestra gastronom\u00eda y la forma en que preparamos esta feria, que es totalmente aut\u00e9ntica\u201d.<\/p>\n<!-- \/wp:paragraph -->\n\n<!-- wp:paragraph -->\n<p>En la actividad estuvieron presentes los consejeros regionales, Paola Guajardo, Gaby Fuentes, Raphael Z\u00fa\u00f1iga y Gonzalo Montero, adem\u00e1s de los Concejales, Sebasti\u00e1n Novoa y Jos\u00e9 Correa.<\/p>\n<!-- \/wp:paragraph -->\n\n<!-- wp:paragraph -->\n<p>La programaci\u00f3n art\u00edstica contar\u00e1 con la participaci\u00f3n de Carmencita Vald\u00e9s, Grupo Corcol\u00e9n de Pencahue, Daniel V\u00e9liz, D\u00fao Folcl\u00f3rico Coir\u00f3n, Grupo Sauzal de Talca y Banda La Trueca, quienes ser\u00e1n parte de una jornada que busca reunir a las familias y seguir proyectando una tradici\u00f3n que ya cumple dos d\u00e9cadas.<\/p>\n<!-- \/wp:paragraph -->\n\n<!-- wp:paragraph -->\n<p>Adem\u00e1s de preservar las costumbres locales, la Fiesta del Chancho de Curtidur\u00eda representa una oportunidad para atraer visitantes, fortalecer la econom\u00eda local y visibilizar el trabajo de emprendedores, artesanos y organizaciones del territorio, manteniendo viva una celebraci\u00f3n que ya forma parte de la identidad de Pencahue.<\/p>\n<!-- \/wp:paragraph -->\n\n<!-- wp:paragraph -->\n<p><a href=\"https:\/\/www.facebook.com\/story.php?story_fbid=1504806465007058&amp;id=100064331574526&amp;mibextid=wwXIfr&amp;rdid=yM4FsI7PmxAmFgXX#\">https:\/\/www.facebook.com\/story.php?story_fbid=1504806465007058&amp;id=100064331574526&amp;mibextid=wwXIfr&amp;rdid=yM4FsI7PmxAmFgXX#<\/a><\/p>\n<!-- \/wp:paragraph -->\n\n<!-- wp:paragraph -->\n<p><\/p>\n<!-- \/wp:paragraph --><\/div>\n\t\t\t\t<\/div>\n\t\t\t<\/div>\n\t\t<\/article>\n\t\n\t\t<article class=\"post-box col-lg-3 col-sm-6 col-md-3 col-xs-12 thememount-blogbox-format-standard \">\n\t\t\t<div class=\"post-item\">\n\t\t\t\t<div class=\"post-item-thumbnail\">\n\t\t\t\t\t<div class=\"post-item-thumbnail-inner\">\n\t\t\t\t\t\t<div class=\"thememount-postbox-small-date\"><div class=\"thememount-post-box-date-wrapper\"><div class=\"thememount-entry-date-wrapper\">\n\t\t\t\t\t\t\t\t<span class=\"thememount-entry-date\">\n\t\t\t\t\t\t\t\t\t<time class=\"entry-date\" datetime=\"2026-09-02T14:16:36-04:00\" >\n\t\t\t\t\t\t\t\t\t\t<span class=\"entry-date\">2<\/span> \n\t\t\t\t\t\t\t\t\t\t<span class=\"entry-month\">Sep<\/span> \n\t\t\t\t\t\t\t\t\t\t<span class=\"entry-year\">, 2026<\/span> \n\t\t\t\t\t\t\t\t\t<\/time>\n\t\t\t\t\t\t\t\t<\/span>\n\t\t\t\t\t\t\t<\/div><\/div><\/div>\n\t\t\t\t\t\t<img loading=\"lazy\" decoding=\"async\" width=\"602\" height=\"517\" src=\"https:\/\/radioprimiciapelluhue.cl\/wp-content\/uploads\/2026\/09\/Captura-de-pantalla-2026-09-02-141501.png\" class=\"attachment-portfolio--column size-portfolio--column wp-post-image\" alt=\"\" srcset=\"https:\/\/radioprimiciapelluhue.cl\/wp-content\/uploads\/2026\/09\/Captura-de-pantalla-2026-09-02-141501.png 602w, https:\/\/radioprimiciapelluhue.cl\/wp-content\/uploads\/2026\/09\/Captura-de-pantalla-2026-09-02-141501-300x258.png 300w\" sizes=\"auto, (max-width: 602px) 100vw, 602px\" \/>\n\t\t\t\t\t<\/div>\n\t\t\t\t\t<div class=\"overthumb\"><\/div>\n\t\t\t\t\t\n\t\t\t\t<\/div>\n\t\t\t\t<div class=\"item-content\">\n\t\t\t\t\t<h4><a href=\"https:\/\/radioprimiciapelluhue.cl\/?p=6574\">Reiteran llamado a prestadores de servicios tur\u00edsticos a postular a Maule Day<\/a><\/h4>\n\t\t\t\t\t<div class=\"thememount-meta-details\"><div class=\"thememount-post-user\"><span class=\"author vcard\"><i class=\"tmicon-fa-user\"><\/i> <a class=\"url fn n\" href=\"https:\/\/radioprimiciapelluhue.cl\/?author=1\" title=\"View all posts by admin\" rel=\"author\">admin<\/a><\/span><\/div><span class=\"categories-links\"><i class=\"tmicon-fa-folder-open\"><\/i> <a href=\"https:\/\/radioprimiciapelluhue.cl\/?cat=2\" rel=\"category\">Noticias<\/a><\/span><\/div>\n\t\t\t\t\t<div class=\"thememount-blogbox-desc\"><!-- wp:image {\"id\":6575,\"width\":\"840px\",\"height\":\"auto\",\"aspectRatio\":\"1.2722624452898106\",\"sizeSlug\":\"full\",\"linkDestination\":\"media\"} -->\n<figure class=\"wp-block-image size-full is-resized\"><a href=\"https:\/\/radioprimiciapelluhue.cl\/wp-content\/uploads\/2026\/09\/Captura-de-pantalla-2026-09-02-141447.png\"><img loading=\"lazy\" decoding=\"async\" width=\"486\" height=\"382\" src=\"https:\/\/radioprimiciapelluhue.cl\/wp-content\/uploads\/2026\/09\/Captura-de-pantalla-2026-09-02-141447.png\" alt=\"\" class=\"wp-image-6575\" style=\"aspect-ratio:1.2722624452898106;width:840px;height:auto\" srcset=\"https:\/\/radioprimiciapelluhue.cl\/wp-content\/uploads\/2026\/09\/Captura-de-pantalla-2026-09-02-141447.png 486w, https:\/\/radioprimiciapelluhue.cl\/wp-content\/uploads\/2026\/09\/Captura-de-pantalla-2026-09-02-141447-300x236.png 300w\" sizes=\"auto, (max-width: 486px) 100vw, 486px\" \/><\/a><\/figure>\n<!-- \/wp:image -->\n\n<!-- wp:paragraph -->\n<p>*A pocos d\u00edas del cierre de inscripciones, la CRDP Maule y la Direcci\u00f3n regional de Sernatur, reforzaron la convocatoria dirigida a operadores y prestadores de servicios tur\u00edsticos de la regi\u00f3n para ser parte de esta instancia de vinculaci\u00f3n comercial.<\/p>\n<!-- \/wp:paragraph -->\n\n<!-- wp:paragraph -->\n<p>Este mi\u00e9rcoles 2 de septiembre finaliza el proceso de postulaci\u00f3n a Maule Day \u201cDescubre, siente y vive el Maule\u201d, iniciativa que busca impulsar el desarrollo econ\u00f3mico local y fortalecer la visibilidad de los emprendimientos y servicios vinculados al turismo regional mediante ruedas de negocios y espacios de networking.<\/p>\n<!-- \/wp:paragraph -->\n\n<!-- wp:paragraph -->\n<p>Con el objetivo de potenciar la oferta tur\u00edstica local y generar nuevas alianzas estrat\u00e9gicas, la Corporaci\u00f3n Regional de Desarrollo Productivo (CRDP Maule), junto a SERNATUR, abri\u00f3 la convocatoria el pasado viernes 21 de agosto, haciendo un llamado a operadores y prestadores de servicios tur\u00edsticos de la Regi\u00f3n del Maule a sumarse a la iniciativa.<\/p>\n<!-- \/wp:paragraph -->\n\n<!-- wp:paragraph -->\n<p>Quienes sean parte de Maule Day podr\u00e1n participar de una completa agenda enfocada en el networking, ruedas de negocios y din\u00e1micas de vinculaci\u00f3n comercial. La actividad se desarrollar\u00e1 el mi\u00e9rcoles 9 de septiembre, a partir de las 14:00 horas, en el Valle de Curic\u00f3.<\/p>\n<!-- \/wp:paragraph -->\n\n<!-- wp:paragraph -->\n<p>Ante la proximidad del cierre de las postulaciones, Fabi\u00e1n Meza, director ejecutivo de la CRDP Maule, reiter\u00f3 la invitaci\u00f3n: \u201cEsta es una tremenda oportunidad que entrega la CRDP Maule junto a Sernatur, y no queremos que nadie quede fuera (...) Uno de los objetivos de la Corporaci\u00f3n, presidida por el gobernador Pedro Pablo \u00c1lvarez-Salamanca, es apoyar a quienes contribuyen al desarrollo de la econom\u00eda de la Regi\u00f3n del Maule\u201d.<\/p>\n<!-- \/wp:paragraph -->\n\n<!-- wp:paragraph -->\n<p>Por su parte, la Directora de Sernatur Maule, Alejandra Casanova, se sum\u00f3 a las palabras del Director de la CRDP, llamando \u201ca nuestros prestadores tur\u00edsticos regionales aprovechando estos \u00faltimos d\u00edas de convocatoria\u201d.<\/p>\n<!-- \/wp:paragraph -->\n\n<!-- wp:paragraph -->\n<p>Link de inscripci\u00f3n: <a href=\"https:\/\/docs.google.com\/forms\/d\/e\/1FAIpQLScq9vJ65Mg208Pn9rOOdHb7nCszBSz9q6rjnaYKFjVqvrUY7g\/viewform\" rel=\"noopener\" target=\"_blank\">https:\/\/docs.google.com\/...\/1FAIpQLScq9vJ65Mg208...\/viewform<\/a><\/p>\n<!-- \/wp:paragraph --><\/div>\n\t\t\t\t<\/div>\n\t\t\t<\/div>\n\t\t<\/article>\n\t\n\t\t<article class=\"post-box col-lg-3 col-sm-6 col-md-3 col-xs-12 thememount-blogbox-format-standard \">\n\t\t\t<div class=\"post-item\">\n\t\t\t\t<div class=\"post-item-thumbnail\">\n\t\t\t\t\t<div class=\"post-item-thumbnail-inner\">\n\t\t\t\t\t\t<div class=\"thememount-postbox-small-date\"><div class=\"thememount-post-box-date-wrapper\"><div class=\"thememount-entry-date-wrapper\">\n\t\t\t\t\t\t\t\t<span class=\"thememount-entry-date\">\n\t\t\t\t\t\t\t\t\t<time class=\"entry-date\" datetime=\"2026-08-29T16:03:34-04:00\" >\n\t\t\t\t\t\t\t\t\t\t<span class=\"entry-date\">29<\/span> \n\t\t\t\t\t\t\t\t\t\t<span class=\"entry-month\">Ago<\/span> \n\t\t\t\t\t\t\t\t\t\t<span class=\"entry-year\">, 2026<\/span> \n\t\t\t\t\t\t\t\t\t<\/time>\n\t\t\t\t\t\t\t\t<\/span>\n\t\t\t\t\t\t\t<\/div><\/div><\/div>\n\t\t\t\t\t\t<img loading=\"lazy\" decoding=\"async\" width=\"705\" height=\"399\" src=\"https:\/\/radioprimiciapelluhue.cl\/wp-content\/uploads\/2026\/08\/Captura-de-pantalla-2026-08-29-155959.png\" class=\"attachment-portfolio--column size-portfolio--column wp-post-image\" alt=\"\" srcset=\"https:\/\/radioprimiciapelluhue.cl\/wp-content\/uploads\/2026\/08\/Captura-de-pantalla-2026-08-29-155959.png 705w, https:\/\/radioprimiciapelluhue.cl\/wp-content\/uploads\/2026\/08\/Captura-de-pantalla-2026-08-29-155959-300x170.png 300w\" sizes=\"auto, (max-width: 705px) 100vw, 705px\" \/>\n\t\t\t\t\t<\/div>\n\t\t\t\t\t<div class=\"overthumb\"><\/div>\n\t\t\t\t\t\n\t\t\t\t<\/div>\n\t\t\t\t<div class=\"item-content\">\n\t\t\t\t\t<h4><a href=\"https:\/\/radioprimiciapelluhue.cl\/?p=6565\">Gran Fiesta del Deporte celebr\u00f3 el traspaso de recursos a 492 proyectos de la regi\u00f3n<\/a><\/h4>\n\t\t\t\t\t<div class=\"thememount-meta-details\"><div class=\"thememount-post-user\"><span class=\"author vcard\"><i class=\"tmicon-fa-user\"><\/i> <a class=\"url fn n\" href=\"https:\/\/radioprimiciapelluhue.cl\/?author=1\" title=\"View all posts by admin\" rel=\"author\">admin<\/a><\/span><\/div><span class=\"categories-links\"><i class=\"tmicon-fa-folder-open\"><\/i> <a href=\"https:\/\/radioprimiciapelluhue.cl\/?cat=68\" rel=\"category\">Deportes<\/a><\/span><\/div>\n\t\t\t\t\t<div class=\"thememount-blogbox-desc\"><!-- wp:image {\"id\":6566,\"sizeSlug\":\"full\",\"linkDestination\":\"media\"} -->\n<figure class=\"wp-block-image size-full\"><a href=\"https:\/\/radioprimiciapelluhue.cl\/wp-content\/uploads\/2026\/08\/Captura-de-pantalla-2026-08-29-155224.png\"><img loading=\"lazy\" decoding=\"async\" width=\"874\" height=\"406\" src=\"https:\/\/radioprimiciapelluhue.cl\/wp-content\/uploads\/2026\/08\/Captura-de-pantalla-2026-08-29-155224.png\" alt=\"\" class=\"wp-image-6566\" srcset=\"https:\/\/radioprimiciapelluhue.cl\/wp-content\/uploads\/2026\/08\/Captura-de-pantalla-2026-08-29-155224.png 874w, https:\/\/radioprimiciapelluhue.cl\/wp-content\/uploads\/2026\/08\/Captura-de-pantalla-2026-08-29-155224-300x139.png 300w, https:\/\/radioprimiciapelluhue.cl\/wp-content\/uploads\/2026\/08\/Captura-de-pantalla-2026-08-29-155224-766x356.png 766w\" sizes=\"auto, (max-width: 874px) 100vw, 874px\" \/><\/a><\/figure>\n<!-- \/wp:image -->\n\n<!-- wp:paragraph -->\n<p>La jornada reuni\u00f3 a clubes, dirigentes y deportistas de distintas comunas de la regi\u00f3n, con exhibiciones en vivo, saludos de destacados exponentes nacionales y un importante anuncio para las organizaciones deportivas<\/p>\n<!-- \/wp:paragraph -->\n\n<!-- wp:paragraph -->\n<p>Con energ\u00eda, demostraciones deportivas y un ambiente pensado para celebrar a quienes mueven el deporte desde los territorios, el Gobierno Regional del Maule realiz\u00f3 la Fiesta del Deporte FNDR 8% 2026, instancia que reuni\u00f3 a organizaciones beneficiarias de este fondo regional.<\/p>\n<!-- \/wp:paragraph -->\n\n<!-- wp:image {\"id\":6567,\"width\":\"840px\",\"height\":\"auto\",\"aspectRatio\":\"1.7930000394586276\",\"sizeSlug\":\"full\",\"linkDestination\":\"media\"} -->\n<figure class=\"wp-block-image size-full is-resized\"><a href=\"https:\/\/radioprimiciapelluhue.cl\/wp-content\/uploads\/2026\/08\/Captura-de-pantalla-2026-08-29-155444.png\"><img loading=\"lazy\" decoding=\"async\" width=\"710\" height=\"396\" src=\"https:\/\/radioprimiciapelluhue.cl\/wp-content\/uploads\/2026\/08\/Captura-de-pantalla-2026-08-29-155444.png\" alt=\"\" class=\"wp-image-6567\" style=\"aspect-ratio:1.7930000394586276;width:840px;height:auto\" srcset=\"https:\/\/radioprimiciapelluhue.cl\/wp-content\/uploads\/2026\/08\/Captura-de-pantalla-2026-08-29-155444.png 710w, https:\/\/radioprimiciapelluhue.cl\/wp-content\/uploads\/2026\/08\/Captura-de-pantalla-2026-08-29-155444-300x167.png 300w\" sizes=\"auto, (max-width: 710px) 100vw, 710px\" \/><\/a><\/figure>\n<!-- \/wp:image -->\n\n<!-- wp:paragraph -->\n<p>Durante la jornada hubo presentaciones de taekwondo, b\u00e1squetbol 3x3 y cheerleading, adem\u00e1s de saludos en video de destacados deportistas como Benjam\u00edn Herrera, Nicol\u00e1s Rodr\u00edguez, Rodrigo P\u00e9rez, Miguel C\u00e1ceres, Josefa Encina, Catalina Espinoza y los primos Grimalt.<\/p>\n<!-- \/wp:paragraph -->\n\n<!-- wp:image {\"id\":6568,\"width\":\"840px\",\"height\":\"auto\",\"aspectRatio\":\"1.1171946529939571\",\"sizeSlug\":\"full\",\"linkDestination\":\"media\"} -->\n<figure class=\"wp-block-image size-full is-resized\"><a href=\"https:\/\/radioprimiciapelluhue.cl\/wp-content\/uploads\/2026\/08\/Captura-de-pantalla-2026-08-29-160108.png\"><img loading=\"lazy\" decoding=\"async\" width=\"286\" height=\"256\" src=\"https:\/\/radioprimiciapelluhue.cl\/wp-content\/uploads\/2026\/08\/Captura-de-pantalla-2026-08-29-160108.png\" alt=\"\" class=\"wp-image-6568\" style=\"aspect-ratio:1.1171946529939571;width:840px;height:auto\"\/><\/a><\/figure>\n<!-- \/wp:image -->\n\n<!-- wp:paragraph -->\n<p>El Gobernador Pedro Pablo \u00c1lvarez-Salamanca, se\u00f1al\u00f3 que \u201cestamos muy contentos de poder apoyar a cerca de 500 instituciones deportivas de nuestra regi\u00f3n. Es un esfuerzo importante que estamos haciendo como Gobierno Regional, con cerca de 2.500 millones de pesos que van en directo beneficio de nuestros deportistas y del deporte de nuestro querido Maule. Seguimos trabajando con mucha fuerza en las 30 comunas de la regi\u00f3n, porque sabemos que el deporte necesita apoyo en todas sus disciplinas. No estamos hablando solamente de f\u00fatbol, sino tambi\u00e9n de patinaje, gimnasia art\u00edstica, deporte paral\u00edmpico y muchas otras disciplinas que hoy cuentan con nuestro respaldo. Hoy estamos viviendo una linda fiesta del deporte y queremos seguir por este camino. Estamos abiertos a apoyar distintas iniciativas que permitan fortalecer a nuestros deportistas y vamos a seguir haci\u00e9ndolo con mucha fuerza\u201d.<\/p>\n<!-- \/wp:paragraph -->\n\n<!-- wp:image {\"id\":6569,\"width\":\"840px\",\"height\":\"auto\",\"aspectRatio\":\"0.8309766162310867\",\"sizeSlug\":\"full\",\"linkDestination\":\"media\"} -->\n<figure class=\"wp-block-image size-full is-resized\"><a href=\"https:\/\/radioprimiciapelluhue.cl\/wp-content\/uploads\/2026\/08\/Captura-de-pantalla-2026-08-29-160124.png\"><img loading=\"lazy\" decoding=\"async\" width=\"236\" height=\"284\" src=\"https:\/\/radioprimiciapelluhue.cl\/wp-content\/uploads\/2026\/08\/Captura-de-pantalla-2026-08-29-160124.png\" alt=\"\" class=\"wp-image-6569\" style=\"aspect-ratio:0.8309766162310867;width:840px;height:auto\"\/><\/a><\/figure>\n<!-- \/wp:image -->\n\n<!-- wp:paragraph -->\n<p>El encuentro permiti\u00f3 poner en valor el alcance del concurso, que consider\u00f3 2.500 millones de pesos para 492 iniciativas y m\u00e1s de 56 mil beneficiarios proyectados en las cuatro provincias del Maule, apoyando proyectos que nacen desde las propias organizaciones y comunidades.<\/p>\n<!-- \/wp:paragraph -->\n\n<!-- wp:paragraph -->\n<p>El Delegado Presidencial Regional, Juan Eduardo Prieto, indic\u00f3 que \u201ces una tremenda noticia la que estamos dando hoy. Son cerca de 500 agrupaciones deportivas que reciben este importante apoyo del Gobierno Regional, en una regi\u00f3n que ha tenido grandes deportistas que han destacado tanto a nivel nacional como internacional. Por eso tenemos que seguir fortaleciendo el deporte y tambi\u00e9n avanzar en una mejor infraestructura deportiva. En ese desaf\u00edo estamos muy coordinados con el Gobierno Regional, trabajando en conjunto para generar m\u00e1s oportunidades y mejores condiciones para nuestros deportistas\u201d.<\/p>\n<!-- \/wp:paragraph -->\n\n<!-- wp:paragraph -->\n<p>Ismael Fuentes, Presidente de la Comisi\u00f3n de Deportes del Consejo Regional, acot\u00f3 que \u201cestamos muy orgullosos de poder apoyar a m\u00e1s de 400 organizaciones deportivas de toda la Regi\u00f3n del Maule. Tambi\u00e9n quiero reconocer y agradecer especialmente a todas las personas que sacan adelante estas organizaciones, a sus dirigentes y a quienes realizaron el esfuerzo de postular sus proyectos para poder concretar estas iniciativas. Quiero agradecer tambi\u00e9n al gobernador, a todos los consejeros regionales y a los alcaldes que hoy estuvieron presentes, porque permanentemente est\u00e1n apoyando y relevando estas actividades desde cada una de sus comunas\u201d.<\/p>\n<!-- \/wp:paragraph -->\n\n<!-- wp:paragraph -->\n<p>En la actividad, adem\u00e1s estuvieron presentes, Senadores, Diputados, Consejeros Regionales, Alcaldes y Secretarios Regionales Ministeriales, entre otras autoridades.<\/p>\n<!-- \/wp:paragraph -->\n\n<!-- wp:paragraph -->\n<p>Durante la jornada, el gobernador Pedro Pablo \u00c1lvarez-Salamanca entreg\u00f3 adem\u00e1s una esperada noticia a los dirigentes: los recursos ya se encuentran disponibles en las cuentas de cada una de las organizaciones beneficiarias, permiti\u00e9ndoles comenzar a ejecutar sus proyectos y llevar el deporte directamente a sus comunidades.<\/p>\n<!-- \/wp:paragraph -->\n\n<!-- wp:paragraph -->\n<p>La Fiesta del Deporte busc\u00f3 transformar la entrega de apoyo a las organizaciones en una verdadera celebraci\u00f3n regional, destacando el trabajo de dirigentes, entrenadores, deportistas y familias que, desde distintas disciplinas y comunas, contribuyen diariamente al desarrollo deportivo del Maule.<\/p>\n<!-- \/wp:paragraph -->\n\n<!-- wp:paragraph -->\n<p><a href=\"https:\/\/radioprimiciapelluhue.cl\/wp-admin\/edit.php\">Todas las entradas<\/a><\/p>\n<!-- \/wp:paragraph -->\n\n<!-- wp:paragraph -->\n<p>LINK DE VIDEO: <a href=\"https:\/\/www.facebook.com\/watch\/?v=976041545531713\">https:\/\/www.facebook.com\/watch\/?v=976041545531713<\/a><\/p>\n<!-- \/wp:paragraph --><\/div>\n\t\t\t\t<\/div>\n\t\t\t<\/div>\n\t\t<\/article>\n\t\n\t\t<article class=\"post-box col-lg-3 col-sm-6 col-md-3 col-xs-12 thememount-blogbox-format-standard \">\n\t\t\t<div class=\"post-item\">\n\t\t\t\t<div class=\"post-item-thumbnail\">\n\t\t\t\t\t<div class=\"post-item-thumbnail-inner\">\n\t\t\t\t\t\t<div class=\"thememount-postbox-small-date\"><div class=\"thememount-post-box-date-wrapper\"><div class=\"thememount-entry-date-wrapper\">\n\t\t\t\t\t\t\t\t<span class=\"thememount-entry-date\">\n\t\t\t\t\t\t\t\t\t<time class=\"entry-date\" datetime=\"2026-08-29T15:49:29-04:00\" >\n\t\t\t\t\t\t\t\t\t\t<span class=\"entry-date\">29<\/span> \n\t\t\t\t\t\t\t\t\t\t<span class=\"entry-month\">Ago<\/span> \n\t\t\t\t\t\t\t\t\t\t<span class=\"entry-year\">, 2026<\/span> \n\t\t\t\t\t\t\t\t\t<\/time>\n\t\t\t\t\t\t\t\t<\/span>\n\t\t\t\t\t\t\t<\/div><\/div><\/div>\n\t\t\t\t\t\t<img loading=\"lazy\" decoding=\"async\" width=\"549\" height=\"260\" src=\"https:\/\/radioprimiciapelluhue.cl\/wp-content\/uploads\/2026\/08\/Captura-de-pantalla-2026-08-29-121732.png\" class=\"attachment-portfolio--column size-portfolio--column wp-post-image\" alt=\"\" srcset=\"https:\/\/radioprimiciapelluhue.cl\/wp-content\/uploads\/2026\/08\/Captura-de-pantalla-2026-08-29-121732.png 549w, https:\/\/radioprimiciapelluhue.cl\/wp-content\/uploads\/2026\/08\/Captura-de-pantalla-2026-08-29-121732-300x142.png 300w\" sizes=\"auto, (max-width: 549px) 100vw, 549px\" \/>\n\t\t\t\t\t<\/div>\n\t\t\t\t\t<div class=\"overthumb\"><\/div>\n\t\t\t\t\t\n\t\t\t\t<\/div>\n\t\t\t\t<div class=\"item-content\">\n\t\t\t\t\t<h4><a href=\"https:\/\/radioprimiciapelluhue.cl\/?p=6559\">Maule impulsa Comit\u00e9 Regional pionero en Chile para planificar la infraestructura con mirada de largo plazo<\/a><\/h4>\n\t\t\t\t\t<div class=\"thememount-meta-details\"><div class=\"thememount-post-user\"><span class=\"author vcard\"><i class=\"tmicon-fa-user\"><\/i> <a class=\"url fn n\" href=\"https:\/\/radioprimiciapelluhue.cl\/?author=1\" title=\"View all posts by admin\" rel=\"author\">admin<\/a><\/span><\/div><span class=\"categories-links\"><i class=\"tmicon-fa-folder-open\"><\/i> <a href=\"https:\/\/radioprimiciapelluhue.cl\/?cat=2\" rel=\"category\">Noticias<\/a><\/span><\/div>\n\t\t\t\t\t<div class=\"thememount-blogbox-desc\"><!-- wp:image {\"id\":6560,\"width\":\"840px\",\"height\":\"auto\",\"aspectRatio\":\"1.6288218853222665\",\"sizeSlug\":\"full\",\"linkDestination\":\"media\"} -->\n<figure class=\"wp-block-image size-full is-resized\"><a href=\"https:\/\/radioprimiciapelluhue.cl\/wp-content\/uploads\/2026\/08\/Captura-de-pantalla-2026-08-29-121750.png\"><img loading=\"lazy\" decoding=\"async\" width=\"601\" height=\"369\" src=\"https:\/\/radioprimiciapelluhue.cl\/wp-content\/uploads\/2026\/08\/Captura-de-pantalla-2026-08-29-121750.png\" alt=\"\" class=\"wp-image-6560\" style=\"aspect-ratio:1.6288218853222665;width:840px;height:auto\" srcset=\"https:\/\/radioprimiciapelluhue.cl\/wp-content\/uploads\/2026\/08\/Captura-de-pantalla-2026-08-29-121750.png 601w, https:\/\/radioprimiciapelluhue.cl\/wp-content\/uploads\/2026\/08\/Captura-de-pantalla-2026-08-29-121750-300x184.png 300w\" sizes=\"auto, (max-width: 601px) 100vw, 601px\" \/><\/a><\/figure>\n<!-- \/wp:image -->\n\n<!-- wp:paragraph -->\n<p>La instancia re\u00fane al Gobierno Regional, Delegaci\u00f3n Presidencial Regional del Maule, C\u00e1mara Chilena de la Construcci\u00f3n, sector privado, municipios, academia y gremios profesionales para definir prioridades, destrabar proyectos y orientar las inversiones que necesita el territorio.<\/p>\n<!-- \/wp:paragraph -->\n\n<!-- wp:paragraph -->\n<p>TALCA.- Con una mirada puesta en el desarrollo del Maule de los pr\u00f3ximos a\u00f1os, se realiz\u00f3 una nueva sesi\u00f3n del Comit\u00e9 Regional de Infraestructura, instancia que re\u00fane al Gobierno Regional, la Delegaci\u00f3n Presidencial Regional, la C\u00e1mara Chilena de la Construcci\u00f3n, servicios p\u00fablicos, municipios, universidades, gremios profesionales y representantes del sector privado.<\/p>\n<!-- \/wp:paragraph -->\n\n<!-- wp:image {\"id\":6561,\"width\":\"840px\",\"height\":\"auto\",\"sizeSlug\":\"full\",\"linkDestination\":\"media\"} -->\n<figure class=\"wp-block-image size-full is-resized\"><a href=\"https:\/\/radioprimiciapelluhue.cl\/wp-content\/uploads\/2026\/08\/Captura-de-pantalla-2026-08-29-121718.png\"><img loading=\"lazy\" decoding=\"async\" width=\"600\" height=\"357\" src=\"https:\/\/radioprimiciapelluhue.cl\/wp-content\/uploads\/2026\/08\/Captura-de-pantalla-2026-08-29-121718.png\" alt=\"\" class=\"wp-image-6561\" style=\"width:840px;height:auto\" srcset=\"https:\/\/radioprimiciapelluhue.cl\/wp-content\/uploads\/2026\/08\/Captura-de-pantalla-2026-08-29-121718.png 600w, https:\/\/radioprimiciapelluhue.cl\/wp-content\/uploads\/2026\/08\/Captura-de-pantalla-2026-08-29-121718-300x179.png 300w\" sizes=\"auto, (max-width: 600px) 100vw, 600px\" \/><\/a><\/figure>\n<!-- \/wp:image -->\n\n<!-- wp:paragraph -->\n<p>La instancia tiene adem\u00e1s un car\u00e1cter pionero a nivel nacional, debido a que el Maule es actualmente la \u00fanica regi\u00f3n del pa\u00eds que cuenta con un comit\u00e9 de estas caracter\u00edsticas formalmente constituido, experiencia que busca transformarse en un modelo que pueda ser replicado en otras regiones.<\/p>\n<!-- \/wp:paragraph -->\n\n<!-- wp:paragraph -->\n<p>El gobernador regional Pedro Pablo \u00c1lvarez-Salamanca, quien preside el comit\u00e9, destac\u00f3 el valor de esta articulaci\u00f3n entre los distintos sectores y la posibilidad de avanzar en una planificaci\u00f3n compartida.<\/p>\n<!-- \/wp:paragraph -->\n\n<!-- wp:image {\"id\":6562,\"width\":\"840px\",\"height\":\"auto\",\"sizeSlug\":\"full\",\"linkDestination\":\"media\"} -->\n<figure class=\"wp-block-image size-full is-resized\"><a href=\"https:\/\/radioprimiciapelluhue.cl\/wp-content\/uploads\/2026\/08\/Captura-de-pantalla-2026-08-29-121706.png\"><img loading=\"lazy\" decoding=\"async\" width=\"591\" height=\"384\" src=\"https:\/\/radioprimiciapelluhue.cl\/wp-content\/uploads\/2026\/08\/Captura-de-pantalla-2026-08-29-121706.png\" alt=\"\" class=\"wp-image-6562\" style=\"width:840px;height:auto\" srcset=\"https:\/\/radioprimiciapelluhue.cl\/wp-content\/uploads\/2026\/08\/Captura-de-pantalla-2026-08-29-121706.png 591w, https:\/\/radioprimiciapelluhue.cl\/wp-content\/uploads\/2026\/08\/Captura-de-pantalla-2026-08-29-121706-300x195.png 300w\" sizes=\"auto, (max-width: 591px) 100vw, 591px\" \/><\/a><\/figure>\n<!-- \/wp:image -->\n\n<!-- wp:paragraph -->\n<p>\u201cSomos la \u00fanica regi\u00f3n en el pa\u00eds que tiene conformado este Comit\u00e9 de Infraestructura Regional. Tenemos desaf\u00edos importantes en esta materia. Nosotros como ente p\u00fablico estamos haciendo nuestra parte y el privado tambi\u00e9n tiene que hacerla, de manera de poder generar empleo, oportunidades y mucho m\u00e1s desarrollo para nuestra regi\u00f3n\u201d, afirm\u00f3.<\/p>\n<!-- \/wp:paragraph -->\n\n<!-- wp:paragraph -->\n<p>PLANIFICACI\u00d3N 2026-2030<\/p>\n<!-- \/wp:paragraph -->\n\n<!-- wp:paragraph -->\n<p>En la misma l\u00ednea, el delegado presidencial regional, Juan Eduardo Prieto, relev\u00f3 que uno de los principales aportes del comit\u00e9 es permitir que la regi\u00f3n pase de una mirada centrada exclusivamente en los proyectos que se est\u00e1n ejecutando a una planificaci\u00f3n que permita anticipar las necesidades futuras.<\/p>\n<!-- \/wp:paragraph -->\n\n<!-- wp:paragraph -->\n<p>\u201cHoy d\u00eda el desaf\u00edo que tenemos es pensar en el mediano y largo plazo. Queremos plantear cu\u00e1les van a ser las principales iniciativas del 2026 al 2030 como Gobierno, muchas de ellas de la mano con el Gobierno Regional, pero tambi\u00e9n pensar en c\u00f3mo vamos a seguir construyendo nuestra regi\u00f3n en el largo plazo\u201d, sostuvo.<\/p>\n<!-- \/wp:paragraph -->\n\n<!-- wp:paragraph -->\n<p>Prieto destac\u00f3 que esta mirada incluye desaf\u00edos tan diversos como la recuperaci\u00f3n de los cascos hist\u00f3ricos de las principales ciudades, la infraestructura de salud y la reactivaci\u00f3n econ\u00f3mica.<\/p>\n<!-- \/wp:paragraph -->\n\n<!-- wp:paragraph -->\n<p>\u201cTenemos grandes desaf\u00edos que vienen desde el terremoto de 2010 y de los grandes incendios que hemos sufrido, pero tambi\u00e9n tenemos que seguir retomando prioridades como la infraestructura en salud. Estamos terminando y cerrando etapas con tres hospitales y esperamos retomar proyectos que han quedado postergados\u201d, explic\u00f3.<\/p>\n<!-- \/wp:paragraph -->\n\n<!-- wp:paragraph -->\n<p>El delegado presidencial agreg\u00f3 que la infraestructura tambi\u00e9n debe ser entendida como un instrumento para impulsar la actividad econ\u00f3mica y generar empleo, articulando las capacidades del Estado con el sector privado.<\/p>\n<!-- \/wp:paragraph -->\n\n<!-- wp:paragraph -->\n<p>UNA ALIANZA PARA PROYECTAR EL DESARROLLO REGIONAL<\/p>\n<!-- \/wp:paragraph -->\n\n<!-- wp:paragraph -->\n<p>Para el presidente regional de la C\u00e1mara Chilena de la Construcci\u00f3n, Patricio G\u00f3mez, el principal valor de esta instancia est\u00e1 en su capacidad de reunir en una misma mesa a quienes toman decisiones, ejecutan proyectos y poseen conocimiento t\u00e9cnico sobre las necesidades del territorio.<\/p>\n<!-- \/wp:paragraph -->\n\n<!-- wp:paragraph -->\n<p>\u201cValoramos profundamente el Comit\u00e9 de Infraestructura Regional, una instancia pionera en Chile que naci\u00f3 en el Maule y que refleja el valor del trabajo colaborativo entre el sector p\u00fablico, privado y la academia para impulsar el desarrollo de nuestra regi\u00f3n. Asimismo, destacamos el estudio de Infraestructura para el Desarrollo Sostenible presentado por nuestro gremio, cuyas conclusiones son categ\u00f3ricas: las brechas del Maule no se resolver\u00e1n \u00fanicamente con un mayor esfuerzo fiscal, sino mediante una mejor planificaci\u00f3n, una adecuada priorizaci\u00f3n de inversiones con enfoque territorial y una mayor coordinaci\u00f3n entre el nivel central, regional y los distintos organismos p\u00fablicos. Ese es el camino para convertir el potencial de nuestra regi\u00f3n en m\u00e1s oportunidades, empleo y calidad de vida para las personas\u201d.<\/p>\n<!-- \/wp:paragraph -->\n\n<!-- wp:paragraph -->\n<p>El dirigente gremial destac\u00f3 que el comit\u00e9 permite abordar materias que van mucho m\u00e1s all\u00e1 de la construcci\u00f3n de grandes obras, incorporando desaf\u00edos vinculados al desarrollo de vivienda rural y a la necesidad de mejorar, ampliar y construir servicios sanitarios rurales en una regi\u00f3n con altos niveles de ruralidad.<\/p>\n<!-- \/wp:paragraph -->\n\n<!-- wp:paragraph -->\n<p>En este contexto, el estudio \u201cInfraestructura para el Desarrollo Sostenible\u201d (IDS) constituye un insumo t\u00e9cnico para identificar brechas, necesidades de inversi\u00f3n y oportunidades estrat\u00e9gicas para el desarrollo territorial.<\/p>\n<!-- \/wp:paragraph -->\n\n<!-- wp:paragraph -->\n<p>LINK VIDEO : <a href=\"https:\/\/www.facebook.com\/watch\/?v=2007944519909600\">https:\/\/www.facebook.com\/watch\/?v=2007944519909600<\/a><\/p>\n<!-- \/wp:paragraph -->\n\n<!-- wp:paragraph -->\n<p><\/p>\n<!-- \/wp:paragraph --><\/div>\n\t\t\t\t<\/div>\n\t\t\t<\/div>\n\t\t<\/article>\n\t\n\t\t<article class=\"post-box col-lg-3 col-sm-6 col-md-3 col-xs-12 thememount-blogbox-format-standard \">\n\t\t\t<div class=\"post-item\">\n\t\t\t\t<div class=\"post-item-thumbnail\">\n\t\t\t\t\t<div class=\"post-item-thumbnail-inner\">\n\t\t\t\t\t\t<div class=\"thememount-postbox-small-date\"><div class=\"thememount-post-box-date-wrapper\"><div class=\"thememount-entry-date-wrapper\">\n\t\t\t\t\t\t\t\t<span class=\"thememount-entry-date\">\n\t\t\t\t\t\t\t\t\t<time class=\"entry-date\" datetime=\"2026-08-28T11:07:11-04:00\" >\n\t\t\t\t\t\t\t\t\t\t<span class=\"entry-date\">28<\/span> \n\t\t\t\t\t\t\t\t\t\t<span class=\"entry-month\">Ago<\/span> \n\t\t\t\t\t\t\t\t\t\t<span class=\"entry-year\">, 2026<\/span> \n\t\t\t\t\t\t\t\t\t<\/time>\n\t\t\t\t\t\t\t\t<\/span>\n\t\t\t\t\t\t\t<\/div><\/div><\/div>\n\t\t\t\t\t\t<img loading=\"lazy\" decoding=\"async\" width=\"621\" height=\"399\" src=\"https:\/\/radioprimiciapelluhue.cl\/wp-content\/uploads\/2026\/08\/Captura-de-pantalla-2026-08-28-110248.png\" class=\"attachment-portfolio--column size-portfolio--column wp-post-image\" alt=\"\" srcset=\"https:\/\/radioprimiciapelluhue.cl\/wp-content\/uploads\/2026\/08\/Captura-de-pantalla-2026-08-28-110248.png 621w, https:\/\/radioprimiciapelluhue.cl\/wp-content\/uploads\/2026\/08\/Captura-de-pantalla-2026-08-28-110248-300x193.png 300w\" sizes=\"auto, (max-width: 621px) 100vw, 621px\" \/>\n\t\t\t\t\t<\/div>\n\t\t\t\t\t<div class=\"overthumb\"><\/div>\n\t\t\t\t\t\n\t\t\t\t<\/div>\n\t\t\t\t<div class=\"item-content\">\n\t\t\t\t\t<h4><a href=\"https:\/\/radioprimiciapelluhue.cl\/?p=6552\">M\u00e1s de 2.300 vecinos de Parral tendr\u00e1n veredas m\u00e1s seguras y accesibles en el barrio Reina Luisa<\/a><\/h4>\n\t\t\t\t\t<div class=\"thememount-meta-details\"><div class=\"thememount-post-user\"><span class=\"author vcard\"><i class=\"tmicon-fa-user\"><\/i> <a class=\"url fn n\" href=\"https:\/\/radioprimiciapelluhue.cl\/?author=1\" title=\"View all posts by admin\" rel=\"author\">admin<\/a><\/span><\/div><span class=\"categories-links\"><i class=\"tmicon-fa-folder-open\"><\/i> <a href=\"https:\/\/radioprimiciapelluhue.cl\/?cat=61\" rel=\"category\">INFORMATIVO<\/a><\/span><\/div>\n\t\t\t\t\t<div class=\"thememount-blogbox-desc\"><!-- wp:image {\"id\":6553,\"width\":\"840px\",\"height\":\"auto\",\"aspectRatio\":\"1.5725223641548498\",\"sizeSlug\":\"full\",\"linkDestination\":\"media\"} -->\n<figure class=\"wp-block-image size-full is-resized\"><a href=\"https:\/\/radioprimiciapelluhue.cl\/wp-content\/uploads\/2026\/08\/Captura-de-pantalla-2026-08-28-110258.png\"><img loading=\"lazy\" decoding=\"async\" width=\"629\" height=\"400\" src=\"https:\/\/radioprimiciapelluhue.cl\/wp-content\/uploads\/2026\/08\/Captura-de-pantalla-2026-08-28-110258.png\" alt=\"\" class=\"wp-image-6553\" style=\"aspect-ratio:1.5725223641548498;width:840px;height:auto\" srcset=\"https:\/\/radioprimiciapelluhue.cl\/wp-content\/uploads\/2026\/08\/Captura-de-pantalla-2026-08-28-110258.png 629w, https:\/\/radioprimiciapelluhue.cl\/wp-content\/uploads\/2026\/08\/Captura-de-pantalla-2026-08-28-110258-300x191.png 300w\" sizes=\"auto, (max-width: 629px) 100vw, 629px\" \/><\/a><\/figure>\n<!-- \/wp:image -->\n\n<!-- wp:paragraph -->\n<p>Las obras alcanzan un 93% de avance y consideran m\u00e1s de 4.000 m\u00b2 de nuevas veredas, con una inversi\u00f3n cercana a $420 millones del Gobierno Regional del Maule.<\/p>\n<!-- \/wp:paragraph -->\n\n<!-- wp:paragraph -->\n<p>M\u00e1s seguridad y mejores condiciones de desplazamiento para los vecinos del barrio Reina Luisa. El proyecto es la primera obra financiada y ejecutada por la actual administraci\u00f3n del Gobierno Regional y ya registra un 93% de avance en la mitad del plazo previsto, lo que beneficiar\u00e1 a 2.313 personas, incorporando criterios de accesibilidad universal.<\/p>\n<!-- \/wp:paragraph -->\n\n<!-- wp:image {\"id\":6554,\"width\":\"829px\",\"height\":\"auto\",\"aspectRatio\":\"1.5754387342467904\",\"sizeSlug\":\"full\",\"linkDestination\":\"media\"} -->\n<figure class=\"wp-block-image size-full is-resized\"><a href=\"https:\/\/radioprimiciapelluhue.cl\/wp-content\/uploads\/2026\/08\/Captura-de-pantalla-2026-08-28-110227.png\"><img loading=\"lazy\" decoding=\"async\" width=\"627\" height=\"398\" src=\"https:\/\/radioprimiciapelluhue.cl\/wp-content\/uploads\/2026\/08\/Captura-de-pantalla-2026-08-28-110227.png\" alt=\"\" class=\"wp-image-6554\" style=\"aspect-ratio:1.5754387342467904;width:829px;height:auto\" srcset=\"https:\/\/radioprimiciapelluhue.cl\/wp-content\/uploads\/2026\/08\/Captura-de-pantalla-2026-08-28-110227.png 627w, https:\/\/radioprimiciapelluhue.cl\/wp-content\/uploads\/2026\/08\/Captura-de-pantalla-2026-08-28-110227-300x190.png 300w\" sizes=\"auto, (max-width: 627px) 100vw, 627px\" \/><\/a><\/figure>\n<!-- \/wp:image -->\n\n<!-- wp:paragraph -->\n<p>El gobernador regional, Pedro Pablo \u00c1lvarez-Salamanca, se\u00f1al\u00f3 que \u201cesto va a traer una mejor calidad de vida para nuestros vecinos. Aqu\u00ed vive mucha gente adulta mayor y es importante que puedan transitar de manera segura por su barrio\u201d.<\/p>\n<!-- \/wp:paragraph -->\n\n<!-- wp:image {\"id\":6555,\"width\":\"840px\",\"height\":\"auto\",\"aspectRatio\":\"1.6473950409145113\",\"sizeSlug\":\"full\",\"linkDestination\":\"media\"} -->\n<figure class=\"wp-block-image size-full is-resized\"><a href=\"https:\/\/radioprimiciapelluhue.cl\/wp-content\/uploads\/2026\/08\/Captura-de-pantalla-2026-08-28-110215.png\"><img loading=\"lazy\" decoding=\"async\" width=\"626\" height=\"380\" src=\"https:\/\/radioprimiciapelluhue.cl\/wp-content\/uploads\/2026\/08\/Captura-de-pantalla-2026-08-28-110215.png\" alt=\"\" class=\"wp-image-6555\" style=\"aspect-ratio:1.6473950409145113;width:840px;height:auto\" srcset=\"https:\/\/radioprimiciapelluhue.cl\/wp-content\/uploads\/2026\/08\/Captura-de-pantalla-2026-08-28-110215.png 626w, https:\/\/radioprimiciapelluhue.cl\/wp-content\/uploads\/2026\/08\/Captura-de-pantalla-2026-08-28-110215-300x182.png 300w\" sizes=\"auto, (max-width: 626px) 100vw, 626px\" \/><\/a><\/figure>\n<!-- \/wp:image -->\n\n<!-- wp:paragraph -->\n<p>El alcalde de Parral, Patricio Ojeda, destac\u00f3 que \u201ccuando esto era un sue\u00f1o estuvimos conversando con el gobernador y hoy ya es un proyecto concreto\u201d.<\/p>\n<!-- \/wp:paragraph -->\n\n<!-- wp:image {\"id\":6556,\"width\":\"840px\",\"height\":\"auto\",\"aspectRatio\":\"1.6405134935608237\",\"sizeSlug\":\"full\",\"linkDestination\":\"media\"} -->\n<figure class=\"wp-block-image size-full is-resized\"><a href=\"https:\/\/radioprimiciapelluhue.cl\/wp-content\/uploads\/2026\/08\/Captura-de-pantalla-2026-08-28-110238.png\"><img loading=\"lazy\" decoding=\"async\" width=\"625\" height=\"381\" src=\"https:\/\/radioprimiciapelluhue.cl\/wp-content\/uploads\/2026\/08\/Captura-de-pantalla-2026-08-28-110238.png\" alt=\"\" class=\"wp-image-6556\" style=\"aspect-ratio:1.6405134935608237;width:840px;height:auto\" srcset=\"https:\/\/radioprimiciapelluhue.cl\/wp-content\/uploads\/2026\/08\/Captura-de-pantalla-2026-08-28-110238.png 625w, https:\/\/radioprimiciapelluhue.cl\/wp-content\/uploads\/2026\/08\/Captura-de-pantalla-2026-08-28-110238-300x183.png 300w\" sizes=\"auto, (max-width: 625px) 100vw, 625px\" \/><\/a><\/figure>\n<!-- \/wp:image -->\n\n<!-- wp:paragraph -->\n<p>Mirtha Castro, vicepresidenta de la Junta de Vecinos Reina Luisa, agreg\u00f3 que \u201ces muy positivo este arreglo. Qued\u00f3 muy lindo. Le doy gracias al gobernador y al alcalde, que siempre se preocupa de nosotros\u201d.<\/p>\n<!-- \/wp:paragraph -->\n\n<!-- wp:paragraph -->\n<p>La inversi\u00f3n alcanza los $419.876.643 y permitir\u00e1 intervenir m\u00e1s de 4.000 m\u00b2 de veredas en este tradicional sector de Parral.<\/p>\n<!-- \/wp:paragraph -->\n\n<!-- wp:paragraph -->\n<p>Las obras comenzaron el 12 de junio y fueron proyectadas originalmente con un plazo de 180 d\u00edas, pero su nivel de avance permite anticipar una ejecuci\u00f3n considerablemente m\u00e1s r\u00e1pida de lo previsto.<\/p>\n<!-- \/wp:paragraph -->\n\n<!-- wp:paragraph -->\n<p>VIDEO: <a href=\"https:\/\/www.facebook.com\/watch\/?v=1067680989175720\">https:\/\/www.facebook.com\/watch\/?v=1067680989175720<\/a><\/p>\n<!-- \/wp:paragraph -->\n\n<!-- wp:paragraph -->\n<p><\/p>\n<!-- \/wp:paragraph --><\/div>\n\t\t\t\t<\/div>\n\t\t\t<\/div>\n\t\t<\/article>\n\t\n\t\t<article class=\"post-box col-lg-3 col-sm-6 col-md-3 col-xs-12 thememount-blogbox-format-standard \">\n\t\t\t<div class=\"post-item\">\n\t\t\t\t<div class=\"post-item-thumbnail\">\n\t\t\t\t\t<div class=\"post-item-thumbnail-inner\">\n\t\t\t\t\t\t<div class=\"thememount-postbox-small-date\"><div class=\"thememount-post-box-date-wrapper\"><div class=\"thememount-entry-date-wrapper\">\n\t\t\t\t\t\t\t\t<span class=\"thememount-entry-date\">\n\t\t\t\t\t\t\t\t\t<time class=\"entry-date\" datetime=\"2026-08-28T10:56:06-04:00\" >\n\t\t\t\t\t\t\t\t\t\t<span class=\"entry-date\">28<\/span> \n\t\t\t\t\t\t\t\t\t\t<span class=\"entry-month\">Ago<\/span> \n\t\t\t\t\t\t\t\t\t\t<span class=\"entry-year\">, 2026<\/span> \n\t\t\t\t\t\t\t\t\t<\/time>\n\t\t\t\t\t\t\t\t<\/span>\n\t\t\t\t\t\t\t<\/div><\/div><\/div>\n\t\t\t\t\t\t<img loading=\"lazy\" decoding=\"async\" width=\"627\" height=\"374\" src=\"https:\/\/radioprimiciapelluhue.cl\/wp-content\/uploads\/2026\/08\/Captura-de-pantalla-2026-08-28-105324.png\" class=\"attachment-portfolio--column size-portfolio--column wp-post-image\" alt=\"\" srcset=\"https:\/\/radioprimiciapelluhue.cl\/wp-content\/uploads\/2026\/08\/Captura-de-pantalla-2026-08-28-105324.png 627w, https:\/\/radioprimiciapelluhue.cl\/wp-content\/uploads\/2026\/08\/Captura-de-pantalla-2026-08-28-105324-300x179.png 300w\" sizes=\"auto, (max-width: 627px) 100vw, 627px\" \/>\n\t\t\t\t\t<\/div>\n\t\t\t\t\t<div class=\"overthumb\"><\/div>\n\t\t\t\t\t\n\t\t\t\t<\/div>\n\t\t\t\t<div class=\"item-content\">\n\t\t\t\t\t<h4><a href=\"https:\/\/radioprimiciapelluhue.cl\/?p=6543\">La Regi\u00f3n del Maule ser\u00e1 protagonista de una de las principales ferias alimentarias y gastron\u00f3micas de Latinoam\u00e9rica<\/a><\/h4>\n\t\t\t\t\t<div class=\"thememount-meta-details\"><div class=\"thememount-post-user\"><span class=\"author vcard\"><i class=\"tmicon-fa-user\"><\/i> <a class=\"url fn n\" href=\"https:\/\/radioprimiciapelluhue.cl\/?author=1\" title=\"View all posts by admin\" rel=\"author\">admin<\/a><\/span><\/div><span class=\"categories-links\"><i class=\"tmicon-fa-folder-open\"><\/i> <a href=\"https:\/\/radioprimiciapelluhue.cl\/?cat=61\" rel=\"category\">INFORMATIVO<\/a><\/span><\/div>\n\t\t\t\t\t<div class=\"thememount-blogbox-desc\"><!-- wp:image {\"id\":6544,\"sizeSlug\":\"full\",\"linkDestination\":\"media\"} -->\n<figure class=\"wp-block-image size-full\"><a href=\"https:\/\/radioprimiciapelluhue.cl\/wp-content\/uploads\/2026\/08\/Captura-de-pantalla-2026-08-28-105227.png\"><img loading=\"lazy\" decoding=\"async\" width=\"741\" height=\"401\" src=\"https:\/\/radioprimiciapelluhue.cl\/wp-content\/uploads\/2026\/08\/Captura-de-pantalla-2026-08-28-105227.png\" alt=\"\" class=\"wp-image-6544\" srcset=\"https:\/\/radioprimiciapelluhue.cl\/wp-content\/uploads\/2026\/08\/Captura-de-pantalla-2026-08-28-105227.png 741w, https:\/\/radioprimiciapelluhue.cl\/wp-content\/uploads\/2026\/08\/Captura-de-pantalla-2026-08-28-105227-300x162.png 300w\" sizes=\"auto, (max-width: 741px) 100vw, 741px\" \/><\/a><\/figure>\n<!-- \/wp:image -->\n\n<!-- wp:paragraph -->\n<p>La Regi\u00f3n del Maule, a trav\u00e9s de la Corporaci\u00f3n Regional de Desarrollo Productivo del Maule (CRDP Maule), se prepara para asumir un rol protag\u00f3nico como regi\u00f3n invitada de Espacio Food &amp; Service 2026, una de las ferias m\u00e1s importantes de la industria alimentaria y gastron\u00f3mica de Latinoam\u00e9rica.<\/p>\n<!-- \/wp:paragraph -->\n\n<!-- wp:paragraph -->\n<p>En representaci\u00f3n del presidente de la CRDP Maule y Gobernador Regional, Pedro Pablo \u00c1lvarez-Salamanca, el director ejecutivo de la Corporaci\u00f3n, Fabi\u00e1n Meza, particip\u00f3 en el almuerzo oficial de Espacio Food &amp; Service 2026, instancia que reuni\u00f3 a embajadores, representantes del cuerpo diplom\u00e1tico, autoridades, empresarios, expositores y destacados actores de la industria alimentaria y gastron\u00f3mica nacional.<\/p>\n<!-- \/wp:paragraph -->\n\n<!-- wp:image {\"id\":6545,\"sizeSlug\":\"full\",\"linkDestination\":\"media\"} -->\n<figure class=\"wp-block-image size-full\"><a href=\"https:\/\/radioprimiciapelluhue.cl\/wp-content\/uploads\/2026\/08\/Captura-de-pantalla-2026-08-28-105242.png\"><img loading=\"lazy\" decoding=\"async\" width=\"740\" height=\"411\" src=\"https:\/\/radioprimiciapelluhue.cl\/wp-content\/uploads\/2026\/08\/Captura-de-pantalla-2026-08-28-105242.png\" alt=\"\" class=\"wp-image-6545\" srcset=\"https:\/\/radioprimiciapelluhue.cl\/wp-content\/uploads\/2026\/08\/Captura-de-pantalla-2026-08-28-105242.png 740w, https:\/\/radioprimiciapelluhue.cl\/wp-content\/uploads\/2026\/08\/Captura-de-pantalla-2026-08-28-105242-300x167.png 300w\" sizes=\"auto, (max-width: 740px) 100vw, 740px\" \/><\/a><\/figure>\n<!-- \/wp:image -->\n\n<!-- wp:paragraph -->\n<p>La participaci\u00f3n del Maule como regi\u00f3n invitada constituye una importante plataforma para mostrar al pa\u00eds y al mundo la riqueza productiva de nuestro territorio, destacando especialmente su identidad agr\u00edcola, vitivin\u00edcola, gastron\u00f3mica y tur\u00edstica, adem\u00e1s del trabajo de productores, emprendedores y empresas que forman parte del desarrollo econ\u00f3mico regional.<\/p>\n<!-- \/wp:paragraph -->\n\n<!-- wp:image {\"id\":6546,\"width\":\"836px\",\"height\":\"auto\",\"aspectRatio\":\"1.4094885745375407\",\"sizeSlug\":\"full\",\"linkDestination\":\"media\"} -->\n<figure class=\"wp-block-image size-full is-resized\"><a href=\"https:\/\/radioprimiciapelluhue.cl\/wp-content\/uploads\/2026\/08\/Captura-de-pantalla-2026-08-28-105255.png\"><img loading=\"lazy\" decoding=\"async\" width=\"506\" height=\"359\" src=\"https:\/\/radioprimiciapelluhue.cl\/wp-content\/uploads\/2026\/08\/Captura-de-pantalla-2026-08-28-105255.png\" alt=\"\" class=\"wp-image-6546\" style=\"aspect-ratio:1.4094885745375407;width:836px;height:auto\" srcset=\"https:\/\/radioprimiciapelluhue.cl\/wp-content\/uploads\/2026\/08\/Captura-de-pantalla-2026-08-28-105255.png 506w, https:\/\/radioprimiciapelluhue.cl\/wp-content\/uploads\/2026\/08\/Captura-de-pantalla-2026-08-28-105255-300x213.png 300w\" sizes=\"auto, (max-width: 506px) 100vw, 506px\" \/><\/a><\/figure>\n<!-- \/wp:image -->\n\n<!-- wp:paragraph -->\n<p>\u201cPara nosotros es un privilegio representar a la Regi\u00f3n del Maule en una instancia de esta magnitud. Por mandato de nuestro gobernador Pedro Pablo \u00c1lvarez-Salamanca queremos mostrar todo el potencial de nuestra regi\u00f3n, desde su cordillera, valle y costa, poniendo especialmente en valor nuestra producci\u00f3n agr\u00edcola, vitivin\u00edcola y gastron\u00f3mica. Espacio Food &amp; Service es una gran vitrina para seguir posicionando al Maule a nivel nacional e internacional\u201d, se\u00f1al\u00f3 Fabi\u00e1n Meza, director ejecutivo de CRDP Maule.<\/p>\n<!-- \/wp:paragraph -->\n\n<!-- wp:image {\"id\":6547,\"width\":\"840px\",\"height\":\"auto\",\"sizeSlug\":\"full\",\"linkDestination\":\"media\"} -->\n<figure class=\"wp-block-image size-full is-resized\"><a href=\"https:\/\/radioprimiciapelluhue.cl\/wp-content\/uploads\/2026\/08\/Captura-de-pantalla-2026-08-28-105308.png\"><img loading=\"lazy\" decoding=\"async\" width=\"600\" height=\"396\" src=\"https:\/\/radioprimiciapelluhue.cl\/wp-content\/uploads\/2026\/08\/Captura-de-pantalla-2026-08-28-105308.png\" alt=\"\" class=\"wp-image-6547\" style=\"width:840px;height:auto\" srcset=\"https:\/\/radioprimiciapelluhue.cl\/wp-content\/uploads\/2026\/08\/Captura-de-pantalla-2026-08-28-105308.png 600w, https:\/\/radioprimiciapelluhue.cl\/wp-content\/uploads\/2026\/08\/Captura-de-pantalla-2026-08-28-105308-300x198.png 300w\" sizes=\"auto, (max-width: 600px) 100vw, 600px\" \/><\/a><\/figure>\n<!-- \/wp:image -->\n\n<!-- wp:paragraph -->\n<p>En el encuentro participaron tambi\u00e9n la subsecretaria de Turismo, Mar\u00eda Paz Lagos, y el embajador de Francia en Chile, Cyrille Rogeau, considerando que Francia ser\u00e1 el pa\u00eds invitado de esta edici\u00f3n.<\/p>\n<!-- \/wp:paragraph -->\n\n<!-- wp:paragraph -->\n<p>Espacio Food &amp; Service 2026 se desarrollar\u00e1 entre el 29 de septiembre y el 1 de octubre en Espacio Riesco, oportunidad en que el Maule tendr\u00e1 una presencia destacada para exhibir sus productos, identidad y potencial, fortaleciendo nuevas oportunidades de vinculaci\u00f3n, comercializaci\u00f3n e internacionalizaci\u00f3n para los actores productivos de la regi\u00f3n.<\/p>\n<!-- \/wp:paragraph -->\n\n<!-- wp:paragraph -->\n<p>Desde la CRDP Maule y el Gobierno del Maule se continuar\u00e1 trabajando para abrir nuevos espacios que permitan que los productos, emprendimientos y empresas maulinas lleguen a nuevos mercados, consolidando una regi\u00f3n que tiene mucho que ofrecer desde el Maule hacia Chile y el mundo.<\/p>\n<!-- \/wp:paragraph -->\n\n<!-- wp:paragraph -->\n<p>VIDEO: <a href=\"https:\/\/www.facebook.com\/gottomania.radioprimiciapelluhue\/videos\/la-regi%C3%B3n-del-maule-ser%C3%A1-protagonista-de-una-de-las-principales-ferias-alimentar\/28245439888457658\/?mibextid=wwXIfr&amp;rdid=Oh5083jbmWWnKJfV\">La Regi\u00f3n del Maule ser\u00e1 protagonista de una de las principales ferias alimentarias y gastron\u00f3micas de Latinoam\u00e9rica La Regi\u00f3n del Maule, a trav\u00e9s de la Corporaci\u00f3n Regional de Desarrollo Productivo del Maule (CRDP Maule), se prepara para asumir un rol protag\u00f3nico como regi\u00f3n invitada de Espacio Food &amp; Service 2026, una de las ferias m\u00e1s importantes de la industria alimentaria y gastron\u00f3mica de Latinoam\u00e9rica. En representaci\u00f3n del presidente de la CRDP Maule y Gobernador Regional, Pedro Pablo \u00c1lvarez-Salamanca, el director ejecutivo de la Corporaci\u00f3n, Fabi\u00e1n Meza, particip\u00f3 en el almuerzo oficial de Espacio Food &amp; Service 2026, instancia que reuni\u00f3 a embajadores, representantes del cuerpo diplom\u00e1tico, autoridades, empresarios, expositores y destacados actores de la industria alimentaria y gastron\u00f3mica nacional. La participaci\u00f3n del Maule como regi\u00f3n invitada constituye una importante plataforma para mostrar al pa\u00eds y al mundo la riqueza productiva de nuestro territorio, destacando especialmente su identidad agr\u00edcola, vitivin\u00edcola, gastron\u00f3mica y tur\u00edstica, adem\u00e1s del trabajo de productores, emprendedores y empresas que forman parte del desarrollo econ\u00f3mico regional. \u201cPara nosotros es un privilegio representar a la Regi\u00f3n del Maule en una instancia de esta magnitud. Por mandato de nuestro gobernador Pedro Pablo \u00c1lvarez-Salamanca queremos mostrar todo el potencial de nuestra regi\u00f3n, desde su cordillera, valle y costa, poniendo especialmente en valor nuestra producci\u00f3n agr\u00edcola, vitivin\u00edcola y gastron\u00f3mica. Espacio Food &amp; Service es una gran vitrina para seguir posicionando al Maule a nivel nacional e internacional\u201d, se\u00f1al\u00f3 Fabi\u00e1n Meza, director ejecutivo de CRDP Maule. En el encuentro participaron tambi\u00e9n la subsecretaria de Turismo, Mar\u00eda Paz Lagos, y el embajador de Francia en Chile, Cyrille Rogeau, considerando que Francia ser\u00e1 el pa\u00eds invitado de esta edici\u00f3n. Espacio Food &amp; Service 2026 se desarrollar\u00e1 entre el 29 de septiembre y el 1 de octubre en Espacio Riesco, oportunidad en que el Maule tendr\u00e1 una presencia destacada para exhibir sus productos, identidad y potencial, fortaleciendo nuevas oportunidades de vinculaci\u00f3n, comercializaci\u00f3n e internacionalizaci\u00f3n para los actores productivos de la regi\u00f3n. Desde la CRDP Maule y el Gobierno del Maule se continuar\u00e1 trabajando para abrir nuevos espacios que permitan que los productos, emprendimientos y empresas maulinas lleguen a nuevos mercados, consolidando una regi\u00f3n que tiene mucho que ofrecer desde el Maule hacia Chile y el mundo. | Radio Primicia Pelluhue | Facebook<\/a><\/p>\n<!-- \/wp:paragraph --><\/div>\n\t\t\t\t<\/div>\n\t\t\t<\/div>\n\t\t<\/article>\n\t<\/div><\/div><\/div>[\/vc_column][\/vc_row][vc_row parallax=\u00bbtrue\u00bb bgtype=\u00bbskin\u00bb css=\u00bb.vc_custom_1416299628221{padding-top: 70px !important;padding-bottom: 70px !important;background-image: url(http:\/\/radioprimiciapelluhue.cl\/wp-content\/uploads\/2014\/07\/parallax4.jpg?id=1443) !important;background-position: center;background-repeat: no-repeat;background-size:cover;}\u00bb][vc_column]<div class=\"thememount-blog-boxes\">\n\t\t\t<section class=\"thememount-twitterbar-wrapper thememount-items-wrapper thememount-effect-carousel thememount-carousel-col-one thememount-with-pagination\">\n\t\t\t\t<div class=\"thememount-twitterbar\">\n\t\t\t\t\t<h3><span>Twitter link<\/span><a class=\"twitter-link\" href=\"http:\/\/twitter.com\/\"><i class=\"tmicon-fa-twitter\"><\/i><\/a><\/h3>\n\t\t\t\t\t<div class=\"thememount-twitterbar-list thememount-items-wrapper thememount-carousel-items-wrapper\">\n\t\t\t\t\t\t\n\t\t\t\t\t<\/div>\n\t\t\t\t<\/div>\n\t\t\t<\/section><\/div>[\/vc_column][\/vc_row][vc_row][vc_column][vc_tweetmeme share_via=\u00bb@gottomania\u00bb share_recommend=\u00bb@gottomania\u00bb share_hashtag=\u00bb#radioprimiciapelluhue\u00bb large_button=\u00bbtrue\u00bb][\/vc_column][\/vc_row]<\/p>\n","protected":false},"excerpt":{"rendered":"<p>[vc_row bgtype=\u00bbskin\u00bb css=\u00bb.vc_custom_1414998073536{margin-bottom: 0px !important;padding-top: 35px !important;padding-right: 0px !important;padding-bottom: 15px !important;padding-left: 0px !important;}\u00bb bgprecolor=\u00bbskin\u00bb][vc_column][vc_cta_button2 h2=\u00bbBIENVENIDOS A RADIO PRIMICIA DE PELLUHUE!\u00bb txt_align=\u00bbcenter\u00bb]Hola saludos desde Pelluhue Regi\u00f3n del Maule Chile CAMPO Y MAR visita nuestro face para que conozcas las maravillas de la naturaleza y puedas preguntar como llegar y donde hospedarte. Te saluda Diego Clemente el [&hellip;]<\/p>\n","protected":false},"author":1,"featured_media":0,"parent":0,"menu_order":0,"comment_status":"closed","ping_status":"open","template":"","meta":{"footnotes":""},"class_list":["post-1085","page","type-page","status-publish","hentry"],"_links":{"self":[{"href":"https:\/\/radioprimiciapelluhue.cl\/index.php?rest_route=\/wp\/v2\/pages\/1085","targetHints":{"allow":["GET"]}}],"collection":[{"href":"https:\/\/radioprimiciapelluhue.cl\/index.php?rest_route=\/wp\/v2\/pages"}],"about":[{"href":"https:\/\/radioprimiciapelluhue.cl\/index.php?rest_route=\/wp\/v2\/types\/page"}],"author":[{"embeddable":true,"href":"https:\/\/radioprimiciapelluhue.cl\/index.php?rest_route=\/wp\/v2\/users\/1"}],"replies":[{"embeddable":true,"href":"https:\/\/radioprimiciapelluhue.cl\/index.php?rest_route=%2Fwp%2Fv2%2Fcomments&post=1085"}],"version-history":[{"count":14,"href":"https:\/\/radioprimiciapelluhue.cl\/index.php?rest_route=\/wp\/v2\/pages\/1085\/revisions"}],"predecessor-version":[{"id":5332,"href":"https:\/\/radioprimiciapelluhue.cl\/index.php?rest_route=\/wp\/v2\/pages\/1085\/revisions\/5332"}],"wp:attachment":[{"href":"https:\/\/radioprimiciapelluhue.cl\/index.php?rest_route=%2Fwp%2Fv2%2Fmedia&parent=1085"}],"curies":[{"name":"wp","href":"https:\/\/api.w.org\/{rel}","templated":true}]}}